{"id":2912,"date":"2016-04-12T10:36:11","date_gmt":"2016-04-12T10:36:11","guid":{"rendered":"https:\/\/patrik-klima.com.al\/home\/"},"modified":"2025-05-19T23:21:04","modified_gmt":"2025-05-19T23:21:04","slug":"home","status":"publish","type":"page","link":"https:\/\/patrik-klima.com.al\/en\/","title":{"rendered":"Home"},"content":{"rendered":"<div class=\"wpb-content-wrapper\"><p>[vc_row disable_element=&#8221;yes&#8221; css=&#8221;.vc_custom_1554506649847{margin-top: 30px !important;}&#8221;][vc_column css=&#8221;.vc_custom_1476866536021{padding-top: 38px !important;}&#8221;][vc_column_text css=&#8221;&#8221;]Air Conditioner for sale in Tirana, mono and multi split systems for heating and cooling, Ventilators in Tirana, Electric Radiators for Sale &#8211; Patrik Klima[\/vc_column_text][\/vc_column][\/vc_row][vc_row css=&#8221;.vc_custom_1747696711712{padding-top: 0px !important;}&#8221;][vc_column][rev_slider_vc alias=&#8221;main&#8221;][\/vc_column][\/vc_row][vc_row full_width=&#8221;stretch_row_content&#8221; css_animation=&#8221;fadeInUpBig&#8221; css=&#8221;.vc_custom_1747691621179{margin-top: -30px !important;padding-top: 20px !important;background-color: #f8f8f8 !important;}&#8221;][vc_column offset=&#8221;vc_hidden-xs&#8221; css=&#8221;.vc_custom_1747691596115{padding-top: 30px !important;padding-bottom: 30px !important;}&#8221;][vc_column_text css=&#8221;&#8221;]<\/p>\n<h3 style=\"text-align: center; color: #d31921; font-family: arial;\"><strong>Welcome to Patrik-klima<\/strong><\/h3>\n<h3 style=\"text-align: center; color: #d31921; font-family: arial;\"><strong>Mono and multi split systems for heating and cooling.<\/strong><\/h3>\n<p>[\/vc_column_text][\/vc_column][\/vc_row][vc_row full_width=&#8221;stretch_row_content&#8221; css_animation=&#8221;fadeInUpBig&#8221; css=&#8221;.vc_custom_1554980659799{background-color: #f8f8f8 !important;}&#8221;][vc_column offset=&#8221;vc_hidden-lg vc_hidden-md vc_hidden-sm&#8221; css=&#8221;.vc_custom_1554980669274{padding-top: 30px !important;padding-bottom: 30px !important;}&#8221;][vc_column_text css=&#8221;&#8221;]<\/p>\n<h4 style=\"text-align: center; color: #d31921; font-family: arial;\"><strong>Welcome to Patrik-klima<\/strong><\/h4>\n<h4 style=\"text-align: center; color: #d31921; font-family: arial;\"><strong>Mono and multi split systems for heating and cooling.<\/strong><\/h4>\n<p>[\/vc_column_text][\/vc_column][\/vc_row][vc_row css_animation=&#8221;fadeInUpBig&#8221; el_id=&#8221;services&#8221;][vc_column css=&#8221;.vc_custom_1461592716078{margin-bottom: 0px !important;}&#8221;][vc_empty_space height=&#8221;20px&#8221;][\/vc_column][\/vc_row][vc_row css_animation=&#8221;fadeInUpBig&#8221;][vc_column width=&#8221;1\/3&#8243;][vc_single_image image=&#8221;2793&#8243; img_size=&#8221;full&#8221; alignment=&#8221;center&#8221; style=&#8221;vc_box_rounded&#8221; onclick=&#8221;custom_link&#8221; css_animation=&#8221;none&#8221; link=&#8221;https:\/\/patrik-klima.com.al\/en\/produkte\/kondicionimi\/&#8221;][vc_custom_heading text=&#8221;<b>Conditioning<\/b>&#8221; font_container=&#8221;tag:h3|text_align:center&#8221; use_theme_fonts=&#8221;yes&#8221; css=&#8221;.vc_custom_1554760712687{margin-bottom: 18px !important;}&#8221; link=&#8221;url:https%3A%2F%2Fpatrik-klima.com.al%2Fen%2Fprodukte%2Fkondicionimi%2F|title:Produkte|&#8221;][\/vc_column][vc_column width=&#8221;1\/3&#8243;][vc_single_image image=&#8221;2866&#8243; img_size=&#8221;800&#215;458&#8243; alignment=&#8221;center&#8221; style=&#8221;vc_box_rounded&#8221; onclick=&#8221;custom_link&#8221; css_animation=&#8221;none&#8221; link=&#8221;https:\/\/patrik-klima.com.al\/en\/produkte\/ngrohje\/&#8221;][vc_custom_heading text=&#8221;<b>Heating<\/b>&#8221; font_container=&#8221;tag:h3|text_align:center&#8221; use_theme_fonts=&#8221;yes&#8221; css=&#8221;.vc_custom_1554760679736{margin-bottom: 18px !important;}&#8221; link=&#8221;url:https%3A%2F%2Fpatrik-klima.com.al%2Fen%2Fprodukte%2Fngrohje%2F|title:Produkte|&#8221;][\/vc_column][vc_column width=&#8221;1\/3&#8243;][vc_single_image image=&#8221;2769&#8243; img_size=&#8221;full&#8221; alignment=&#8221;center&#8221; style=&#8221;vc_box_rounded&#8221; onclick=&#8221;custom_link&#8221; css_animation=&#8221;none&#8221; link=&#8221;https:\/\/patrik-klima.com.al\/en\/sherbime\/&#8221;][vc_custom_heading text=&#8221;<b>Services<\/b>&#8221; font_container=&#8221;tag:h3|text_align:center&#8221; use_theme_fonts=&#8221;yes&#8221; css=&#8221;.vc_custom_1554760745676{margin-bottom: 18px !important;}&#8221; link=&#8221;url:https%3A%2F%2Fpatrik-klima.com.al%2Fen%2Fsherbime%2F|title:Produkte|&#8221;][\/vc_column][\/vc_row][vc_row full_width=&#8221;stretch_row&#8221; equal_height=&#8221;yes&#8221; parallax=&#8221;content-moving&#8221; parallax_image=&#8221;2948&#8243; css=&#8221;.vc_custom_1554764131698{padding-top: 20px !important;padding-bottom: 20px !important;background-image: url(https:\/\/patrik-klima.com.al\/wp-content\/uploads\/2019\/04\/wh_aerowings_2.jpg?id=2768) !important;background-position: center;background-repeat: no-repeat !important;background-size: cover !important;}&#8221; el_id=&#8221;promo-section&#8221;][vc_column width=&#8221;1\/2&#8243; css=&#8221;.vc_custom_1661208446062{background-position: center !important;background-repeat: no-repeat !important;background-size: cover !important;}&#8221;][vc_video link=&#8221;https:\/\/youtu.be\/CjR8IPlpI1A&#8221; el_aspect=&#8221;43&#8243;][\/vc_column][vc_column width=&#8221;1\/2&#8243; css=&#8221;.vc_custom_1661208507091{background-position: center !important;background-repeat: no-repeat !important;background-size: cover !important;}&#8221;][vc_video link=&#8221;https:\/\/youtu.be\/LXVihns8i4Y&#8221; el_aspect=&#8221;43&#8243;][\/vc_column][\/vc_row][vc_row gap=&#8221;35&#8243; equal_height=&#8221;yes&#8221; disable_element=&#8221;yes&#8221; css=&#8221;.vc_custom_1554506448555{padding-bottom: 30px !important;}&#8221; el_class=&#8221;services-row&#8221;][vc_column width=&#8221;1\/2&#8243; offset=&#8221;vc_col-md-4&#8243; el_class=&#8221;wh-icon-box&#8221; css=&#8221;.vc_custom_1476690397558{border-top-width: 1px !important;border-right-width: 1px !important;border-bottom-width: 1px !important;border-left-width: 1px !important;padding-top: 23px !important;padding-bottom: 28px !important;border-left-color: #dcdcdc !important;border-left-style: solid !important;border-right-color: #dcdcdc !important;border-right-style: solid !important;border-top-color: #dcdcdc !important;border-top-style: solid !important;border-bottom-color: #dcdcdc !important;border-bottom-style: solid !important;}&#8221;]\n\t\t\t\t\t<div class=\"wh-theme-icon vc_custom_1470078792269 \" style=\"font-size:31px;position:absolute;border:1px solid #dcdcdc;padding:14px;border-radius:16px;\"  >\n\t\t\t\t<i class=\"icon-dog3\" ><\/i>\n\t\t\t<\/div>\n\t\t\n\t\t[vc_custom_heading text=&#8221;We offer high quality installation of residential and commercial air conditioning with the use of professional equipment and fine materials, at a lower cost.&#8221; font_container=&#8221;tag:p|font_size:14px|text_align:left&#8221; use_theme_fonts=&#8221;yes&#8221; css=&#8221;.vc_custom_1484440129832{margin-bottom: 0px !important;padding-top: 7px !important;padding-right: 20px !important;padding-left: 88px !important;}&#8221;][\/vc_column][vc_column width=&#8221;1\/2&#8243; offset=&#8221;vc_col-md-4&#8243; el_class=&#8221;wh-icon-box&#8221; css=&#8221;.vc_custom_1476690406894{border-top-width: 1px !important;border-right-width: 1px !important;border-bottom-width: 1px !important;border-left-width: 1px !important;padding-top: 23px !important;padding-bottom: 28px !important;border-left-color: #dcdcdc !important;border-left-style: solid !important;border-right-color: #dcdcdc !important;border-right-style: solid !important;border-top-color: #dcdcdc !important;border-top-style: solid !important;border-bottom-color: #dcdcdc !important;border-bottom-style: solid !important;}&#8221;]\n\t\t<div class=\"wh-content-box special-offers-box\" >\n\t\t\t\t\t\t\t<a class=\"wh-content-box-link\"\n\t\t\t\t   href=\"special-offer\/winter-special-25-off-any-service\/\"\n\t\t\t\t\t\t\t\t\t\t\t\t\t\t\t\t\t\t\t\t><\/a>\n\t\t\t\n\t\t\t[vc_custom_heading text=&#8221;<b>Heating Maintenance Savings<\/b>&#8221; font_container=&#8221;tag:h4|font_size:18px|text_align:left|color:%23ffffff&#8221; use_theme_fonts=&#8221;yes&#8221; css=&#8221;.vc_custom_1476442055656{margin-bottom: 0px !important;padding-bottom: 20px !important;}&#8221;][vc_raw_html el_class=&#8221;price-line&#8221;]JTNDcCUzRSUzQ3NwYW4lM0U1MCUyNSUyMCUzQyUyRnNwYW4lM0VvZmYlM0MlMkZwJTNF[\/vc_raw_html][vc_custom_heading text=&#8221;Pay only $75 per unit* (Regularly $165.00+) for Heating Maintenance when you purchase a one year membership in the AirPro Experts.&#8221; font_container=&#8221;tag:p|font_size:13px|text_align:left|color:%23ffffff|line_height:20px&#8221; use_theme_fonts=&#8221;yes&#8221;]\t\t<\/div>\n\n\n\n\t\t\n\t\t\t\t\t<div class=\"wh-theme-icon vc_custom_1470079236320 \" style=\"font-size:31px;position:absolute;border:1px solid #dcdcdc;padding:14px;border-radius:16px;\"  >\n\t\t\t\t<i class=\"icon-phone\" ><\/i>\n\t\t\t<\/div>\n\t\t\n\t\t[vc_custom_heading text=&#8221;Maintenance and repair&#8221; font_container=&#8221;tag:h5|text_align:left&#8221; use_theme_fonts=&#8221;yes&#8221; css=&#8221;.vc_custom_1484648348064{margin-bottom: 5px !important;padding-left: 88px !important;}&#8221; link=&#8221;url:services%2Fmaintenance-and-repair%2F|&#8221;][vc_custom_heading text=&#8221;We provide a full range of repairing and maintenance of air conditioning systems, ventilation systems, light industrial and industrial split systems.&#8221; font_container=&#8221;tag:p|font_size:14px|text_align:left&#8221; use_theme_fonts=&#8221;yes&#8221; css=&#8221;.vc_custom_1484440139712{margin-bottom: 0px !important;padding-top: 7px !important;padding-right: 20px !important;padding-left: 88px !important;}&#8221;][\/vc_column][vc_column width=&#8221;1\/2&#8243; offset=&#8221;vc_col-md-4&#8243; el_class=&#8221;wh-icon-box&#8221; css=&#8221;.vc_custom_1476690414519{border-top-width: 1px !important;border-right-width: 1px !important;border-bottom-width: 1px !important;border-left-width: 1px !important;padding-top: 23px !important;padding-bottom: 28px !important;border-left-color: #dcdcdc !important;border-left-style: solid !important;border-right-color: #dcdcdc !important;border-right-style: solid !important;border-top-color: #dcdcdc !important;border-top-style: solid !important;border-bottom-color: #dcdcdc !important;border-bottom-style: solid !important;}&#8221;][vc_row_inner el_class=&#8221;crea-primary-background&#8221; css=&#8221;.vc_custom_1480597146707{padding-top: 0px !important;background-position: center !important;background-repeat: no-repeat !important;background-size: cover !important;}&#8221;][vc_column_inner css=&#8221;.vc_custom_1480597217017{padding-top: 25px !important;padding-bottom: 25px !important;}&#8221;][vc_custom_heading text=&#8221;Receive <b>Special Offers<\/b>&#8221; font_container=&#8221;tag:h2|font_size:36px|text_align:left|color:%23ffffff|line_height:40px&#8221; use_theme_fonts=&#8221;yes&#8221; css=&#8221;.vc_custom_1489341116825{margin-bottom: 20px !important;padding-top: 10px !important;padding-right: 16px !important;padding-left: 15px !important;}&#8221;][vc_custom_heading text=&#8221;Sign up to receive our special offers direct to your inbox.&#8221; font_container=&#8221;tag:p|font_size:13px|text_align:left|color:%23ffffff|line_height:20px&#8221; use_theme_fonts=&#8221;yes&#8221; css=&#8221;.vc_custom_1489341128381{margin-top: 0px !important;margin-bottom: 30px !important;padding-left: 15px !important;}&#8221;]\n<div class=\"wpcf7 no-js\" id=\"wpcf7-f1332-o1\" lang=\"en-US\" dir=\"ltr\">\n<div class=\"screen-reader-response\"><p role=\"status\" aria-live=\"polite\" aria-atomic=\"true\"><\/p> <ul><\/ul><\/div>\n<form action=\"\/en\/wp-json\/wp\/v2\/pages\/2912#wpcf7-f1332-o1\" method=\"post\" class=\"wpcf7-form init\" aria-label=\"Contact form\" novalidate=\"novalidate\" data-status=\"init\">\n<div style=\"display: none;\">\n<input type=\"hidden\" name=\"_wpcf7\" value=\"1332\" \/>\n<input type=\"hidden\" name=\"_wpcf7_version\" value=\"5.9.8\" \/>\n<input type=\"hidden\" name=\"_wpcf7_locale\" value=\"en_US\" \/>\n<input type=\"hidden\" name=\"_wpcf7_unit_tag\" value=\"wpcf7-f1332-o1\" \/>\n<input type=\"hidden\" name=\"_wpcf7_container_post\" value=\"0\" \/>\n<input type=\"hidden\" name=\"_wpcf7_posted_data_hash\" value=\"\" \/>\n<\/div>\n<div class=\"vc_row sign-up\" style=\"line-height:30px;\">\n\t<div class=\"vc_col-xs-10\">\n\t\t<p style=\"width:100% font-family:Raleway;\"><span class=\"wpcf7-form-control-wrap\" data-name=\"email-168\"><input size=\"40\" maxlength=\"400\" class=\"wpcf7-form-control wpcf7-email wpcf7-validates-as-required wpcf7-text wpcf7-validates-as-email\" aria-required=\"true\" aria-invalid=\"false\" placeholder=\"Enter your e-mail address....\" value=\"\" type=\"email\" name=\"email-168\" \/><\/span>\n\t\t<\/p>\n\t<\/div>\n\t<div class=\"vc_col-xs-2\">\n\t\t<p class=\"form-button-invert\"><i class=\"fa fa-paper-plane-o\" aria-hidden=\"true\"><\/i><input class=\"wpcf7-form-control wpcf7-submit has-spinner\" id=\"send-email\" type=\"submit\" value=\"Send\" \/>\n\t\t<\/p>\n\t<\/div>\n<\/div><div class=\"wpcf7-response-output\" aria-hidden=\"true\"><\/div>\n<\/form>\n<\/div>\n[\/vc_column_inner][\/vc_row_inner]\n\t\t\t\t\t<div class=\"wh-theme-icon vc_custom_1470078847915 \" style=\"font-size:31px;position:absolute;border:1px solid #dcdcdc;padding:14px;border-radius:16px;\"  >\n\t\t\t\t<i class=\"icon-box\" ><\/i>\n\t\t\t<\/div>\n\t\t\n\t\t[vc_custom_heading text=&#8221;Pre-season preparation&#8221; font_container=&#8221;tag:h5|text_align:left&#8221; use_theme_fonts=&#8221;yes&#8221; css=&#8221;.vc_custom_1484648364937{margin-bottom: 5px !important;padding-left: 88px !important;}&#8221; link=&#8221;url:services%2Fpre-season-preparation%2F|&#8221;][vc_custom_heading text=&#8221;Air conditioning systems are regulated appliances, requiring expert maintenance to properly function at the best rate of energy consumption.&#8221; font_container=&#8221;tag:p|font_size:14px|text_align:left&#8221; use_theme_fonts=&#8221;yes&#8221; css=&#8221;.vc_custom_1484440145232{margin-bottom: 0px !important;padding-top: 7px !important;padding-right: 20px !important;padding-left: 88px !important;}&#8221;][\/vc_column][vc_column width=&#8221;1\/2&#8243; offset=&#8221;vc_col-md-4&#8243; el_class=&#8221;wh-icon-box&#8221; css=&#8221;.vc_custom_1476690421960{border-top-width: 1px !important;border-right-width: 1px !important;border-bottom-width: 1px !important;border-left-width: 1px !important;padding-top: 23px !important;padding-bottom: 28px !important;border-left-color: #dcdcdc !important;border-left-style: solid !important;border-right-color: #dcdcdc !important;border-right-style: solid !important;border-top-color: #dcdcdc !important;border-top-style: solid !important;border-bottom-color: #dcdcdc !important;border-bottom-style: solid !important;}&#8221;]\n\t\t\t\t\t<div class=\"wh-theme-icon vc_custom_1477648084168 \" style=\"font-size:31px;position:absolute;border:1px solid #dcdcdc;padding:14px;border-radius:16px;\"  >\n\t\t\t\t<i class=\"icon-time2\" ><\/i>\n\t\t\t<\/div>\n\t\t\n\t\t[vc_custom_heading text=&#8221;Annual inspections&#8221; font_container=&#8221;tag:h5|text_align:left&#8221; use_theme_fonts=&#8221;yes&#8221; css=&#8221;.vc_custom_1484648399337{margin-bottom: 5px !important;padding-left: 88px !important;}&#8221; link=&#8221;url:services%2Fannual-inspections|&#8221;][vc_custom_heading text=&#8221;An annual inspection allows a technician to identify dirty coils and burned out contactors before they cause long term damage to your system.&#8221; font_container=&#8221;tag:p|font_size:14px|text_align:left&#8221; use_theme_fonts=&#8221;yes&#8221; css=&#8221;.vc_custom_1484440154690{margin-bottom: 0px !important;padding-top: 7px !important;padding-right: 20px !important;padding-left: 88px !important;}&#8221;][\/vc_column][vc_column width=&#8221;1\/2&#8243; offset=&#8221;vc_col-md-4&#8243; el_class=&#8221;wh-icon-box&#8221; css=&#8221;.vc_custom_1476690429944{border-top-width: 1px !important;border-right-width: 1px !important;border-bottom-width: 1px !important;border-left-width: 1px !important;padding-top: 23px !important;padding-bottom: 28px !important;border-left-color: #dcdcdc !important;border-left-style: solid !important;border-right-color: #dcdcdc !important;border-right-style: solid !important;border-top-color: #dcdcdc !important;border-top-style: solid !important;border-bottom-color: #dcdcdc !important;border-bottom-style: solid !important;}&#8221;][vc_custom_heading text=&#8221;Heating services&#8221; font_container=&#8221;tag:h5|text_align:left&#8221; use_theme_fonts=&#8221;yes&#8221; css=&#8221;.vc_custom_1484648421353{margin-bottom: 5px !important;padding-left: 88px !important;}&#8221; link=&#8221;url:services%2Fheating-services%2F|&#8221;][vc_custom_heading text=&#8221;During the lifetime operation of the heating system there may be situations that require reducing or increasing the number of sections, or flush the radiator.&#8221; font_container=&#8221;tag:p|font_size:14px|text_align:left&#8221; use_theme_fonts=&#8221;yes&#8221; css=&#8221;.vc_custom_1484440159560{margin-bottom: 0px !important;padding-top: 7px !important;padding-right: 20px !important;padding-left: 88px !important;}&#8221;][\/vc_column][vc_column width=&#8221;1\/2&#8243; offset=&#8221;vc_col-md-4&#8243; el_class=&#8221;wh-icon-box&#8221; css=&#8221;.vc_custom_1476690436467{border-top-width: 1px !important;border-right-width: 1px !important;border-bottom-width: 1px !important;border-left-width: 1px !important;padding-top: 23px !important;padding-bottom: 28px !important;border-left-color: #dcdcdc !important;border-left-style: solid !important;border-right-color: #dcdcdc !important;border-right-style: solid !important;border-top-color: #dcdcdc !important;border-top-style: solid !important;border-bottom-color: #dcdcdc !important;border-bottom-style: solid !important;}&#8221;]\n\t\t\t\t\t<div class=\"wh-theme-icon vc_custom_1485557853984 \" style=\"font-size:31px;position:absolute;border:1px solid #dcdcdc;padding:14px;border-radius:16px;\"  >\n\t\t\t\t<i class=\"icon-money2\" ><\/i>\n\t\t\t<\/div>\n\t\t\n\t\t[vc_custom_heading text=&#8221;Windows units&#8221; font_container=&#8221;tag:h5|text_align:left&#8221; use_theme_fonts=&#8221;yes&#8221; css=&#8221;.vc_custom_1484648437737{margin-bottom: 5px !important;padding-left: 88px !important;}&#8221; link=&#8221;url:services%2Fwindows-units%2F|&#8221;][vc_custom_heading text=&#8221;Window air conditioner is installed in an aperture of window hole in such a way that its outer part is in contact with the atmosphere.&#8221; font_container=&#8221;tag:p|font_size:14px|text_align:left&#8221; use_theme_fonts=&#8221;yes&#8221; css=&#8221;.vc_custom_1484440165588{margin-bottom: 0px !important;padding-top: 7px !important;padding-right: 20px !important;padding-left: 88px !important;}&#8221;][\/vc_column][\/vc_row][vc_row disable_element=&#8221;yes&#8221; css=&#8221;.vc_custom_1554506649847{margin-top: 30px !important;}&#8221;][vc_column css=&#8221;.vc_custom_1476866536021{padding-top: 38px !important;}&#8221;][vc_column_text]<\/p>\n<h2>Patrik Klima &#8211; Kondicioner ne Shitje Tirane, Sisteme Ngrohje-Ftohje, Aspirator\u00eb Tirane, Aksesor\u00eb Aspirimi, Radiator\u00eb Elektrik\u00eb ne shitje<\/h2>\n<p>[\/vc_column_text][vc_column_text]<\/p>\n<h2>Patrik Klima &#8211; Kondicioner ne Shitje Tirane, Sisteme Ngrohje-Ftohje, Aspirator\u00eb Tirane, Aksesor\u00eb Aspirimi, Radiator\u00eb Elektrik\u00eb ne shitje<\/h2>\n<p>[\/vc_column_text][vc_column_text]Patrik Klima &#8211; Kondicioner ne Shitje Tirane, Sisteme Ngrohje-Ftohje, Aspirator\u00eb Tirane, Aksesor\u00eb Aspirimi, Radiator\u00eb Elektrik\u00eb ne shitje[\/vc_column_text][vc_column_text]Patrik Klima &#8211; Kondicioner ne Shitje Tirane, Sisteme Ngrohje-Ftohje, Aspirator\u00eb Tirane, Aksesor\u00eb Aspirimi, Radiator\u00eb Elektrik\u00eb ne shitje[\/vc_column_text][vc_column_text]Patrik Klima &#8211; Kondicioner ne Shitje Tirane, Sisteme Ngrohje-Ftohje, Aspirator\u00eb Tirane, Aksesor\u00eb Aspirimi, Radiator\u00eb Elektrik\u00eb ne shitje<\/p>\n<h5 class=\"vc_custom_heading\"><a title=\"Rreth Nesh\" href=\"https:\/\/patrik-klima.com.al\/rreth-nesh\/\">Rreth Nesh<\/a><\/h5>\n<div class=\"wpb_text_column wpb_content_element vc_custom_1554488552554\">\n<div class=\"wpb_wrapper\">\n<p>Patrik \u2013 Klima ka filluar aktivitetin e saj n\u00eb Janar 2004 me q\u00ebllim tregtimin e kondicioner\u00ebve, sistemeve ngrohje-ftohje, aspirim, aksesor\u00eb dhe sh\u00ebrbime. Dyqani jon\u00eb ndodhet n\u00eb rrug\u00ebn Myslym Shyri Nr.56 \u2013 Tiran\u00eb.<\/p>\n<\/div>\n<\/div>\n<h5 class=\"vc_custom_heading\"><a href=\"https:\/\/patrik-klima.com.al\/rreth-nesh\/#\">Cilesi dhe Garanci<\/a><\/h5>\n<div class=\"wpb_text_column wpb_content_element \">\n<div class=\"wpb_wrapper\">\n<p>I ofrojme klienteve tan\u00eb markat m\u00eb t\u00eb mira (<a href=\"https:\/\/www.aircon.panasonic.eu\/GB_en\/ranges\/domestic\/\">Panasonic<\/a>\u00a0,\u00a0<a href=\"http:\/\/www.lucht-lhz.de\/\">LUCT-Lhz<\/a>\u00a0,\u00a0<a href=\"https:\/\/www.mbfrigo.hr\/ea\/wp-content\/uploads\/2018\/05\/Haier-kat-2018._2019.compressed.pdf\">Haier<\/a>) per produktet: kondicioner\u00eb, sisteme individuale dhe q\u00ebndrore, aspirator\u00eb, aksesor\u00eb aspirimi dhe radiator\u00eb elektrik\u00eb gjerman p\u00ebr ngrohjen e t\u00eb gjitha ambjenteve (t\u00eb nd\u00ebrtuar me gur vullkanik p\u00ebr nj\u00eb kursim deri 50-60 % t\u00eb energjis\u00eb).<\/p>\n<\/div>\n<\/div>\n<p>[\/vc_column_text][vc_column_text]Patrik Klima &#8211; Kondicioner ne Shitje Tirane, Sisteme Ngrohje-Ftohje, Aspirator\u00eb Tirane, Aksesor\u00eb Aspirimi, Radiator\u00eb Elektrik\u00eb ne shitje<\/p>\n<h5 class=\"vc_custom_heading\"><a title=\"Rreth Nesh\" href=\"https:\/\/patrik-klima.com.al\/rreth-nesh\/\">Rreth Nesh<\/a><\/h5>\n<div class=\"wpb_text_column wpb_content_element vc_custom_1554488552554\">\n<div class=\"wpb_wrapper\">\n<p>Patrik \u2013 Klima ka filluar aktivitetin e saj n\u00eb Janar 2004 me q\u00ebllim tregtimin e kondicioner\u00ebve, sistemeve ngrohje-ftohje, aspirim, aksesor\u00eb dhe sh\u00ebrbime. Dyqani jon\u00eb ndodhet n\u00eb rrug\u00ebn Myslym Shyri Nr.56 \u2013 Tiran\u00eb.<\/p>\n<\/div>\n<\/div>\n<h5 class=\"vc_custom_heading\"><a href=\"https:\/\/patrik-klima.com.al\/rreth-nesh\/#\">Cilesi dhe Garanci<\/a><\/h5>\n<div class=\"wpb_text_column wpb_content_element \">\n<div class=\"wpb_wrapper\">\n<p>I ofrojme klienteve tan\u00eb markat m\u00eb t\u00eb mira (<a href=\"https:\/\/www.aircon.panasonic.eu\/GB_en\/ranges\/domestic\/\">Panasonic<\/a>\u00a0,\u00a0<a href=\"http:\/\/www.lucht-lhz.de\/\">LUCT-Lhz<\/a>\u00a0,\u00a0<a href=\"https:\/\/www.mbfrigo.hr\/ea\/wp-content\/uploads\/2018\/05\/Haier-kat-2018._2019.compressed.pdf\">Haier<\/a>) per produktet: kondicioner\u00eb, sisteme individuale dhe q\u00ebndrore, aspirator\u00eb, aksesor\u00eb aspirimi dhe radiator\u00eb elektrik\u00eb gjerman p\u00ebr ngrohjen e t\u00eb gjitha ambjenteve (t\u00eb nd\u00ebrtuar me gur vullkanik p\u00ebr nj\u00eb kursim deri 50-60 % t\u00eb energjis\u00eb).<\/p>\n<\/div>\n<\/div>\n<p>[\/vc_column_text][vc_column_text]Patrik Klima &#8211; Kondicioner ne Shitje Tirane, Sisteme Ngrohje-Ftohje, Aspirator\u00eb Tirane, Aksesor\u00eb Aspirimi, Radiator\u00eb Elektrik\u00eb ne shitje<\/p>\n<h5 class=\"vc_custom_heading\"><a title=\"Rreth Nesh\" href=\"https:\/\/patrik-klima.com.al\/rreth-nesh\/\">Rreth Nesh<\/a><\/h5>\n<div class=\"wpb_text_column wpb_content_element vc_custom_1554488552554\">\n<div class=\"wpb_wrapper\">\n<p>Patrik \u2013 Klima ka filluar aktivitetin e saj n\u00eb Janar 2004 me q\u00ebllim tregtimin e kondicioner\u00ebve, sistemeve ngrohje-ftohje, aspirim, aksesor\u00eb dhe sh\u00ebrbime. Dyqani jon\u00eb ndodhet n\u00eb rrug\u00ebn Myslym Shyri Nr.56 \u2013 Tiran\u00eb.<\/p>\n<\/div>\n<\/div>\n<h5 class=\"vc_custom_heading\"><a href=\"https:\/\/patrik-klima.com.al\/rreth-nesh\/#\">Cilesi dhe Garanci<\/a><\/h5>\n<div class=\"wpb_text_column wpb_content_element \">\n<div class=\"wpb_wrapper\">\n<p>I ofrojme klienteve tan\u00eb markat m\u00eb t\u00eb mira (<a href=\"https:\/\/www.aircon.panasonic.eu\/GB_en\/ranges\/domestic\/\">Panasonic<\/a>\u00a0,\u00a0<a href=\"http:\/\/www.lucht-lhz.de\/\">LUCT-Lhz<\/a>\u00a0,\u00a0<a href=\"https:\/\/www.mbfrigo.hr\/ea\/wp-content\/uploads\/2018\/05\/Haier-kat-2018._2019.compressed.pdf\">Haier<\/a>) per produktet: kondicioner\u00eb, sisteme individuale dhe q\u00ebndrore, aspirator\u00eb, aksesor\u00eb aspirimi dhe radiator\u00eb elektrik\u00eb gjerman p\u00ebr ngrohjen e t\u00eb gjitha ambjenteve (t\u00eb nd\u00ebrtuar me gur vullkanik p\u00ebr nj\u00eb kursim deri 50-60 % t\u00eb energjis\u00eb).<\/p>\n<\/div>\n<\/div>\n<p>[\/vc_column_text][\/vc_column][\/vc_row]<\/p>\n<\/div>","protected":false},"excerpt":{"rendered":"<p>[vc_row disable_element=&#8221;yes&#8221; css=&#8221;.vc_custom_1554506649847{margin-top: 30px !important;}&#8221;][vc_column css=&#8221;.vc_custom_1476866536021{padding-top: 38px !important;}&#8221;][vc_column_text css=&#8221;&#8221;]Air Conditioner for sale in Tirana, mono and multi split systems for&nbsp;<a href=\"https:\/\/patrik-klima.com.al\/en\/\">[&hellip;]<\/a><\/p>\n","protected":false},"author":1,"featured_media":0,"parent":0,"menu_order":0,"comment_status":"closed","ping_status":"closed","template":"template-home.php","meta":{"footnotes":""},"yst_prominent_words":[60,123,58,61,102,95,103,96,65,53,69,57,94,66,54,68,56,59,67,55],"class_list":["post-2912","page","type-page","status-publish","hentry"],"_links":{"self":[{"href":"https:\/\/patrik-klima.com.al\/en\/wp-json\/wp\/v2\/pages\/2912"}],"collection":[{"href":"https:\/\/patrik-klima.com.al\/en\/wp-json\/wp\/v2\/pages"}],"about":[{"href":"https:\/\/patrik-klima.com.al\/en\/wp-json\/wp\/v2\/types\/page"}],"author":[{"embeddable":true,"href":"https:\/\/patrik-klima.com.al\/en\/wp-json\/wp\/v2\/users\/1"}],"replies":[{"embeddable":true,"href":"https:\/\/patrik-klima.com.al\/en\/wp-json\/wp\/v2\/comments?post=2912"}],"version-history":[{"count":29,"href":"https:\/\/patrik-klima.com.al\/en\/wp-json\/wp\/v2\/pages\/2912\/revisions"}],"predecessor-version":[{"id":3500,"href":"https:\/\/patrik-klima.com.al\/en\/wp-json\/wp\/v2\/pages\/2912\/revisions\/3500"}],"wp:attachment":[{"href":"https:\/\/patrik-klima.com.al\/en\/wp-json\/wp\/v2\/media?parent=2912"}],"wp:term":[{"taxonomy":"yst_prominent_words","embeddable":true,"href":"https:\/\/patrik-klima.com.al\/en\/wp-json\/wp\/v2\/yst_prominent_words?post=2912"}],"curies":[{"name":"wp","href":"https:\/\/api.w.org\/{rel}","templated":true}]}}